{"id":43817,"date":"2022-04-10T20:17:54","date_gmt":"2022-04-10T18:17:54","guid":{"rendered":"https:\/\/cchar.ch\/evenement\/the-game-of-nibelungen-beim-festival-davignon\/"},"modified":"2023-12-08T06:58:17","modified_gmt":"2023-12-08T05:58:17","slug":"the-game-of-nibelungen-beim-festival-davignon","status":"publish","type":"tribe_events","link":"https:\/\/archives.cchar.ch\/de\/evenement\/the-game-of-nibelungen-beim-festival-davignon\/","title":{"rendered":"The Game of Nibelungen beim Festival d&#8217;Avignon"},"content":{"rendered":"<p><em><strong style=\"color:#DC0013\">Schweizer Auswahl in Avignon<\/strong><\/em><br \/>\n<strong>Compagnie du Botte-Cul<\/strong><\/p>\n<div><i>Gr\u00fcndung 2022<\/i><\/div>\n<p><strong>Genre:<\/strong> Theater, Pantomime und Marionette in gestikuliertem Deutsch f\u00fcr ein franz\u00f6sischsprachiges Publikum<br \/>\n<strong>Publikum:<\/strong> Schulklassen und allgemeines Publikum<br \/>\n<strong>Autorin, Dolmetscherin:<\/strong> Laura Gambarini<br \/>\n<strong>Regieassistenz:<\/strong> Manu Moser<\/p>\n<p>Eine einzige Szene des Nibelungenliedes auf Deutsch in 45 Minuten &#8211; das ist die schwindelerregende Herausforderung dieser Inszenierung. Die Idee entstand aus einer d\u00fcsteren Situation im Zusammenhang mit Covid. Im September 2020 sieht sich die Schauspielerin &#8211; Puppenspielerin &#8211; Pantomimin Laura Gambarini gezwungen, vor\u00fcbergehend ihre Arbeit zu wechseln, um ihren Lebensunterhalt zu sichern: Sie unterrichtet Deutsch an einem Gymnasium im Kanton Waadt. Im Korpus befindet sich das Nibelungenlied, ein mittelalterliches Epos, das ein Eckpfeiler der germanischen und nordischen Literatur ist. Das deutsche \u00c4quivalent zu den Artuslegenden.<br \/>\nUm dieses Fach zu unterrichten, gestikuliert Laura Gambarini, mimt, macht Objekttheater und setzt Musik ein. &#8222;The Ring of Fire&#8220; von Johnny Cash und &#8222;Killing in the name&#8220; von Rage Against the Machine kommen in den Deutschunterricht.<\/p>\n<p>weitere Informationen: https: <a href=\"https:\/\/cchar.ch\/soutien_creation\/compagnie-du-botte-cul-the-game-of-nibelungen-creation-2022\/\">\/\/cchar.ch\/soutien_creation\/compagnie-du-botte-cul-the-game-of-nibelungen-creation-2022\/<\/a><\/p>\n","protected":false},"excerpt":{"rendered":"<p>Schweizer Auswahl in Avignon Compagnie du Botte-Cul Gr\u00fcndung 2022 Genre: Theater, Pantomime und Marionette in gestikuliertem Deutsch f\u00fcr ein franz\u00f6sischsprachiges Publikum Publikum: Schulklassen und allgemeines Publikum Autorin, Dolmetscherin: Laura Gambarini [&hellip;]<\/p>\n","protected":false},"author":1,"featured_media":40147,"comment_status":"closed","ping_status":"closed","template":"","meta":{"_acf_changed":false,"_tribe_events_status":"","_tribe_events_status_reason":"","footnotes":""},"tags":[],"tribe_events_cat":[130],"class_list":["post-43817","tribe_events","type-tribe_events","status-publish","has-post-thumbnail","hentry","tribe_events_cat-programmierung","cat_programmierung"],"acf":[],"yoast_head":"<!-- This site is optimized with the Yoast SEO plugin v25.9 - https:\/\/yoast.com\/wordpress\/plugins\/seo\/ -->\n<title>The Game of Nibelungen beim Festival d&#039;Avignon - CCHAR<\/title>\n<meta name=\"robots\" content=\"index, follow, max-snippet:-1, max-image-preview:large, max-video-preview:-1\" \/>\n<link rel=\"canonical\" href=\"https:\/\/archives.cchar.ch\/de\/evenement\/the-game-of-nibelungen-beim-festival-davignon\/\" \/>\n<meta property=\"og:locale\" content=\"de_DE\" \/>\n<meta property=\"og:type\" content=\"article\" \/>\n<meta property=\"og:title\" content=\"The Game of Nibelungen beim Festival d&#039;Avignon - CCHAR\" \/>\n<meta property=\"og:description\" content=\"Schweizer Auswahl in Avignon Compagnie du Botte-Cul Gr\u00fcndung 2022 Genre: Theater, Pantomime und Marionette in gestikuliertem Deutsch f\u00fcr ein franz\u00f6sischsprachiges Publikum Publikum: Schulklassen und allgemeines Publikum Autorin, Dolmetscherin: Laura Gambarini [&hellip;]\" \/>\n<meta property=\"og:url\" content=\"https:\/\/archives.cchar.ch\/de\/evenement\/the-game-of-nibelungen-beim-festival-davignon\/\" \/>\n<meta property=\"og:site_name\" content=\"CCHAR\" \/>\n<meta property=\"article:publisher\" content=\"https:\/\/www.facebook.com\/cchar.suisse\/\" \/>\n<meta property=\"article:modified_time\" content=\"2023-12-08T05:58:17+00:00\" \/>\n<meta property=\"og:image\" content=\"https:\/\/archives.cchar.ch\/wp-content\/uploads\/2022\/04\/Banniere_sch22_laura-gambarini_the-game-of-nibelungen_web_2000x1320_vincent-guignet-2.png\" \/>\n\t<meta property=\"og:image:width\" content=\"2000\" \/>\n\t<meta property=\"og:image:height\" content=\"600\" \/>\n\t<meta property=\"og:image:type\" content=\"image\/png\" \/>\n<meta name=\"twitter:card\" content=\"summary_large_image\" \/>\n<meta name=\"twitter:label1\" content=\"Gesch\u00e4tzte Lesezeit\" \/>\n\t<meta name=\"twitter:data1\" content=\"1\u00a0Minute\" \/>\n<script type=\"application\/ld+json\" class=\"yoast-schema-graph\">{\"@context\":\"https:\/\/schema.org\",\"@graph\":[{\"@type\":\"WebPage\",\"@id\":\"https:\/\/archives.cchar.ch\/de\/evenement\/the-game-of-nibelungen-beim-festival-davignon\/\",\"url\":\"https:\/\/archives.cchar.ch\/de\/evenement\/the-game-of-nibelungen-beim-festival-davignon\/\",\"name\":\"The Game of Nibelungen beim Festival d'Avignon - CCHAR\",\"isPartOf\":{\"@id\":\"https:\/\/archives.cchar.ch\/de\/#website\"},\"primaryImageOfPage\":{\"@id\":\"https:\/\/archives.cchar.ch\/de\/evenement\/the-game-of-nibelungen-beim-festival-davignon\/#primaryimage\"},\"image\":{\"@id\":\"https:\/\/archives.cchar.ch\/de\/evenement\/the-game-of-nibelungen-beim-festival-davignon\/#primaryimage\"},\"thumbnailUrl\":\"https:\/\/archives.cchar.ch\/wp-content\/uploads\/2022\/04\/Banniere_sch22_laura-gambarini_the-game-of-nibelungen_web_2000x1320_vincent-guignet-2.png\",\"datePublished\":\"2022-04-10T18:17:54+00:00\",\"dateModified\":\"2023-12-08T05:58:17+00:00\",\"breadcrumb\":{\"@id\":\"https:\/\/archives.cchar.ch\/de\/evenement\/the-game-of-nibelungen-beim-festival-davignon\/#breadcrumb\"},\"inLanguage\":\"de\",\"potentialAction\":[{\"@type\":\"ReadAction\",\"target\":[\"https:\/\/archives.cchar.ch\/de\/evenement\/the-game-of-nibelungen-beim-festival-davignon\/\"]}]},{\"@type\":\"ImageObject\",\"inLanguage\":\"de\",\"@id\":\"https:\/\/archives.cchar.ch\/de\/evenement\/the-game-of-nibelungen-beim-festival-davignon\/#primaryimage\",\"url\":\"https:\/\/archives.cchar.ch\/wp-content\/uploads\/2022\/04\/Banniere_sch22_laura-gambarini_the-game-of-nibelungen_web_2000x1320_vincent-guignet-2.png\",\"contentUrl\":\"https:\/\/archives.cchar.ch\/wp-content\/uploads\/2022\/04\/Banniere_sch22_laura-gambarini_the-game-of-nibelungen_web_2000x1320_vincent-guignet-2.png\",\"width\":2000,\"height\":600},{\"@type\":\"BreadcrumbList\",\"@id\":\"https:\/\/archives.cchar.ch\/de\/evenement\/the-game-of-nibelungen-beim-festival-davignon\/#breadcrumb\",\"itemListElement\":[{\"@type\":\"ListItem\",\"position\":1,\"name\":\"Accueil\",\"item\":\"https:\/\/archives.cchar.ch\/de\/\"},{\"@type\":\"ListItem\",\"position\":2,\"name\":\"Veranstaltungen\",\"item\":\"https:\/\/archives.cchar.ch\/de\/agenda\/\"},{\"@type\":\"ListItem\",\"position\":3,\"name\":\"The Game of Nibelungen beim Festival d&#8217;Avignon\"}]},{\"@type\":\"WebSite\",\"@id\":\"https:\/\/archives.cchar.ch\/de\/#website\",\"url\":\"https:\/\/archives.cchar.ch\/de\/\",\"name\":\"CCHAR\",\"description\":\"Centre de Comp\u00e9tences et de Cr\u00e9ation Helv\u00e9tique des Arts de la Rue\",\"publisher\":{\"@id\":\"https:\/\/archives.cchar.ch\/de\/#organization\"},\"potentialAction\":[{\"@type\":\"SearchAction\",\"target\":{\"@type\":\"EntryPoint\",\"urlTemplate\":\"https:\/\/archives.cchar.ch\/de\/?s={search_term_string}\"},\"query-input\":{\"@type\":\"PropertyValueSpecification\",\"valueRequired\":true,\"valueName\":\"search_term_string\"}}],\"inLanguage\":\"de\"},{\"@type\":\"Organization\",\"@id\":\"https:\/\/archives.cchar.ch\/de\/#organization\",\"name\":\"CCHAR\",\"url\":\"https:\/\/archives.cchar.ch\/de\/\",\"logo\":{\"@type\":\"ImageObject\",\"inLanguage\":\"de\",\"@id\":\"https:\/\/archives.cchar.ch\/de\/#\/schema\/logo\/image\/\",\"url\":\"https:\/\/cchar.ch\/wp-content\/uploads\/2021\/09\/logo-CCHAR_PROD_pos-sobre.png\",\"contentUrl\":\"https:\/\/cchar.ch\/wp-content\/uploads\/2021\/09\/logo-CCHAR_PROD_pos-sobre.png\",\"width\":905,\"height\":336,\"caption\":\"CCHAR\"},\"image\":{\"@id\":\"https:\/\/archives.cchar.ch\/de\/#\/schema\/logo\/image\/\"},\"sameAs\":[\"https:\/\/www.facebook.com\/cchar.suisse\/\",\"https:\/\/www.linkedin.com\/company\/cchar\/\"]}]}<\/script>\n<!-- \/ Yoast SEO plugin. -->","yoast_head_json":{"title":"The Game of Nibelungen beim Festival d'Avignon - CCHAR","robots":{"index":"index","follow":"follow","max-snippet":"max-snippet:-1","max-image-preview":"max-image-preview:large","max-video-preview":"max-video-preview:-1"},"canonical":"https:\/\/archives.cchar.ch\/de\/evenement\/the-game-of-nibelungen-beim-festival-davignon\/","og_locale":"de_DE","og_type":"article","og_title":"The Game of Nibelungen beim Festival d'Avignon - CCHAR","og_description":"Schweizer Auswahl in Avignon Compagnie du Botte-Cul Gr\u00fcndung 2022 Genre: Theater, Pantomime und Marionette in gestikuliertem Deutsch f\u00fcr ein franz\u00f6sischsprachiges Publikum Publikum: Schulklassen und allgemeines Publikum Autorin, Dolmetscherin: Laura Gambarini [&hellip;]","og_url":"https:\/\/archives.cchar.ch\/de\/evenement\/the-game-of-nibelungen-beim-festival-davignon\/","og_site_name":"CCHAR","article_publisher":"https:\/\/www.facebook.com\/cchar.suisse\/","article_modified_time":"2023-12-08T05:58:17+00:00","og_image":[{"width":2000,"height":600,"url":"https:\/\/archives.cchar.ch\/wp-content\/uploads\/2022\/04\/Banniere_sch22_laura-gambarini_the-game-of-nibelungen_web_2000x1320_vincent-guignet-2.png","type":"image\/png"}],"twitter_card":"summary_large_image","twitter_misc":{"Gesch\u00e4tzte Lesezeit":"1\u00a0Minute"},"schema":{"@context":"https:\/\/schema.org","@graph":[{"@type":"WebPage","@id":"https:\/\/archives.cchar.ch\/de\/evenement\/the-game-of-nibelungen-beim-festival-davignon\/","url":"https:\/\/archives.cchar.ch\/de\/evenement\/the-game-of-nibelungen-beim-festival-davignon\/","name":"The Game of Nibelungen beim Festival d'Avignon - CCHAR","isPartOf":{"@id":"https:\/\/archives.cchar.ch\/de\/#website"},"primaryImageOfPage":{"@id":"https:\/\/archives.cchar.ch\/de\/evenement\/the-game-of-nibelungen-beim-festival-davignon\/#primaryimage"},"image":{"@id":"https:\/\/archives.cchar.ch\/de\/evenement\/the-game-of-nibelungen-beim-festival-davignon\/#primaryimage"},"thumbnailUrl":"https:\/\/archives.cchar.ch\/wp-content\/uploads\/2022\/04\/Banniere_sch22_laura-gambarini_the-game-of-nibelungen_web_2000x1320_vincent-guignet-2.png","datePublished":"2022-04-10T18:17:54+00:00","dateModified":"2023-12-08T05:58:17+00:00","breadcrumb":{"@id":"https:\/\/archives.cchar.ch\/de\/evenement\/the-game-of-nibelungen-beim-festival-davignon\/#breadcrumb"},"inLanguage":"de","potentialAction":[{"@type":"ReadAction","target":["https:\/\/archives.cchar.ch\/de\/evenement\/the-game-of-nibelungen-beim-festival-davignon\/"]}]},{"@type":"ImageObject","inLanguage":"de","@id":"https:\/\/archives.cchar.ch\/de\/evenement\/the-game-of-nibelungen-beim-festival-davignon\/#primaryimage","url":"https:\/\/archives.cchar.ch\/wp-content\/uploads\/2022\/04\/Banniere_sch22_laura-gambarini_the-game-of-nibelungen_web_2000x1320_vincent-guignet-2.png","contentUrl":"https:\/\/archives.cchar.ch\/wp-content\/uploads\/2022\/04\/Banniere_sch22_laura-gambarini_the-game-of-nibelungen_web_2000x1320_vincent-guignet-2.png","width":2000,"height":600},{"@type":"BreadcrumbList","@id":"https:\/\/archives.cchar.ch\/de\/evenement\/the-game-of-nibelungen-beim-festival-davignon\/#breadcrumb","itemListElement":[{"@type":"ListItem","position":1,"name":"Accueil","item":"https:\/\/archives.cchar.ch\/de\/"},{"@type":"ListItem","position":2,"name":"Veranstaltungen","item":"https:\/\/archives.cchar.ch\/de\/agenda\/"},{"@type":"ListItem","position":3,"name":"The Game of Nibelungen beim Festival d&#8217;Avignon"}]},{"@type":"WebSite","@id":"https:\/\/archives.cchar.ch\/de\/#website","url":"https:\/\/archives.cchar.ch\/de\/","name":"CCHAR","description":"Centre de Comp\u00e9tences et de Cr\u00e9ation Helv\u00e9tique des Arts de la Rue","publisher":{"@id":"https:\/\/archives.cchar.ch\/de\/#organization"},"potentialAction":[{"@type":"SearchAction","target":{"@type":"EntryPoint","urlTemplate":"https:\/\/archives.cchar.ch\/de\/?s={search_term_string}"},"query-input":{"@type":"PropertyValueSpecification","valueRequired":true,"valueName":"search_term_string"}}],"inLanguage":"de"},{"@type":"Organization","@id":"https:\/\/archives.cchar.ch\/de\/#organization","name":"CCHAR","url":"https:\/\/archives.cchar.ch\/de\/","logo":{"@type":"ImageObject","inLanguage":"de","@id":"https:\/\/archives.cchar.ch\/de\/#\/schema\/logo\/image\/","url":"https:\/\/cchar.ch\/wp-content\/uploads\/2021\/09\/logo-CCHAR_PROD_pos-sobre.png","contentUrl":"https:\/\/cchar.ch\/wp-content\/uploads\/2021\/09\/logo-CCHAR_PROD_pos-sobre.png","width":905,"height":336,"caption":"CCHAR"},"image":{"@id":"https:\/\/archives.cchar.ch\/de\/#\/schema\/logo\/image\/"},"sameAs":["https:\/\/www.facebook.com\/cchar.suisse\/","https:\/\/www.linkedin.com\/company\/cchar\/"]}]}},"_links":{"self":[{"href":"https:\/\/archives.cchar.ch\/de\/wp-json\/wp\/v2\/tribe_events\/43817","targetHints":{"allow":["GET"]}}],"collection":[{"href":"https:\/\/archives.cchar.ch\/de\/wp-json\/wp\/v2\/tribe_events"}],"about":[{"href":"https:\/\/archives.cchar.ch\/de\/wp-json\/wp\/v2\/types\/tribe_events"}],"author":[{"embeddable":true,"href":"https:\/\/archives.cchar.ch\/de\/wp-json\/wp\/v2\/users\/1"}],"replies":[{"embeddable":true,"href":"https:\/\/archives.cchar.ch\/de\/wp-json\/wp\/v2\/comments?post=43817"}],"version-history":[{"count":1,"href":"https:\/\/archives.cchar.ch\/de\/wp-json\/wp\/v2\/tribe_events\/43817\/revisions"}],"predecessor-version":[{"id":43820,"href":"https:\/\/archives.cchar.ch\/de\/wp-json\/wp\/v2\/tribe_events\/43817\/revisions\/43820"}],"wp:featuredmedia":[{"embeddable":true,"href":"https:\/\/archives.cchar.ch\/de\/wp-json\/wp\/v2\/media\/40147"}],"wp:attachment":[{"href":"https:\/\/archives.cchar.ch\/de\/wp-json\/wp\/v2\/media?parent=43817"}],"wp:term":[{"taxonomy":"post_tag","embeddable":true,"href":"https:\/\/archives.cchar.ch\/de\/wp-json\/wp\/v2\/tags?post=43817"},{"taxonomy":"tribe_events_cat","embeddable":true,"href":"https:\/\/archives.cchar.ch\/de\/wp-json\/wp\/v2\/tribe_events_cat?post=43817"}],"curies":[{"name":"wp","href":"https:\/\/api.w.org\/{rel}","templated":true}]}}